{"id":47,"date":"2021-10-11T22:54:03","date_gmt":"2021-10-12T01:54:03","guid":{"rendered":"http:\/\/treinamentolivre.com\/aluno04\/?page_id=47"},"modified":"2024-04-08T21:05:36","modified_gmt":"2024-04-09T00:05:36","slug":"leituras","status":"publish","type":"page","link":"https:\/\/treinamentolivre.com\/aluno04\/?page_id=47","title":{"rendered":"Leituras"},"content":{"rendered":"\n<ul class=\"wp-block-list\"><li><strong>Segrillo, <strong>Angelo<\/strong>: <\/strong>&#8220;Os Russos&#8221;. <a rel=\"noreferrer noopener\" href=\"https:\/\/www.editoracontexto.com.br\/produto\/os-russos\/1496583#scroll\" target=\"_blank\"><strong>Editora Contexto<\/strong><\/a>. Isbn 978-85-7244-726-3 &#8211; &#8220;<em>Eles vivem em um pa\u00eds t\u00e3o vasto que faz o Brasil parecer pequeno. Protagonistas da Revolu\u00e7\u00e3o Socialista de 1917, da Guerra Fria e, hoje, integrantes do G8, s\u00e3o m\u00fasicos magn\u00edficos, possuem uma literatura marcante e destacam-se nos eventos esportivos mundiais. Um pouco europeus, um pouco asi\u00e1ticos, um pouco ocidentais, um pouco orientais, os russos abrigam uma enorme diversidade de na\u00e7\u00f5es e culturas. Sofreram com a servid\u00e3o at\u00e9 1861 e, mal entrados no capitalismo, embarcaram em quase sete d\u00e9cadas de comunismo. Milh\u00f5es morreram nas duas guerras mundiais. Viveram momentos de extrema priva\u00e7\u00e3o ao mesmo tempo que ganharam o status de superpot\u00eancia. O capitalismo selvagem dos anos 1990 come\u00e7ou assustando a maioria do povo, mas hoje a R\u00fassia volta a ser uma protagonista mundial. Assim s\u00e3o os russos, descritos neste livro com carinho por um autor brasileiro que os conhece de perto<\/em>&#8220;.<\/li><li><strong>Bertoque, Lennie<\/strong>: &#8220;<a rel=\"noreferrer noopener\" href=\"http:\/\/treinamentolivre.com\/aluno04\/wp-content\/uploads\/2022\/09\/7284-Texto-do-Artigo-24641-1-10-20180925.pdf\" target=\"_blank\"><strong>Linguagem, Neuroci\u00eancia e Cogni\u00e7\u00e3o:  Ampliando os Fundamentos Para o Planejamento de Aulas de L\u00edngua Portuguesa<\/strong><\/a>&#8221; in Polifonia, Cuiab\u00e1, MT, v 25, n. 38.1, p. 193-188, maio-agosto, 2018.<\/li><li><strong>Martelotta, M. E.<\/strong> [org]: &#8220;<a rel=\"noreferrer noopener\" href=\"https:\/\/www.amazon.com.br\/Manual-Lingu%C3%ADstica-Martelotta-M%C3%A1rio-Eduardo\/dp\/857244386X\/ref=asc_df_857244386X\/?tag=googleshopp00-20&amp;linkCode=df0&amp;hvadid=379685898225&amp;hvpos=&amp;hvnetw=g&amp;hvrand=17973295138128525512&amp;hvpone=&amp;hvptwo=&amp;hvqmt=&amp;hvdev=c&amp;hvdvcmdl=&amp;hvlocint=&amp;hvlocphy=1001658&amp;hvtargid=pla-388681579338&amp;psc=1\" target=\"_blank\"><strong>Manual de Lingu\u00edstica<\/strong><\/a>&#8220;. Ed. Contexto. 2009. <\/li><li><strong>Calvet, Louis-Jean<\/strong>: &#8220;Socioling\u00fcistica &#8211; Uma Introdu\u00e7\u00e3o Cr\u00edtica&#8221;. S\u00e3o Paulo: Par\u00e1bola. 202.<\/li><li><strong>Charaudeau, Patrick<\/strong>: &#8220;<a rel=\"noreferrer noopener\" href=\"https:\/\/www.estantevirtual.com.br\/livros\/patrick-charaudeau\/discurso-das-midias\/1953983378?gclid=CjwKCAiA5sieBhBnEiwAR9oh2hE2IHz2Q-JY2KgBeVjv9U2zvgiCelXGv5NAJqXZ1fs66gflqIyn0xoC7QsQAvD_BwE\" target=\"_blank\"><strong>Discurso das m\u00eddias<\/strong><\/a>&#8220;.  <em>&#8220;As m\u00eddias nos manipulam? Acusa\u00e7\u00f5es n\u00e3o faltam: sensacionalistas, deformadoras de declara\u00e7\u00f5es, descontextualizadas, a servi\u00e7o de rumores. Em sua defesa, as m\u00eddias declaram-se inst\u00e2ncia de den\u00fancia do poder e destacam sua atua\u00e7\u00e3o no direito democr\u00e1tico que todo cidad\u00e3o tem de se informar. Fugindo ao manique\u00edsmo, com um olhar profundo de especialista em an\u00e1lise de discurso, e baseado em in\u00fameros exemplos, Charaudeau destrincha a complexa m\u00e1quina midi\u00e1tica: as restri\u00e7\u00f5es, as especificidades de cada g\u00eanero, os modos de organiza\u00e7\u00e3o e as estrat\u00e9gias de encena\u00e7\u00e3o em funcionamento no discurso da informa\u00e7\u00e3o. Questiona as pr\u00e1ticas do &#8220;mostrar a qualquer pre\u00e7o&#8221;, do &#8220;tornar vis\u00edvel o invis\u00edvel&#8221; e do &#8220;selecionar o que \u00e9 o mais surpreendente&#8221;, que proporcionam uma imagem fragmentada do espa\u00e7o p\u00fablico. E, finalmente, tra\u00e7a um paralelo entre a responsabilidade das m\u00eddias e a do cidad\u00e3o.&#8221;<\/em> [Resumo: Editora. Indica\u00e7\u00e3o: Prof. Charleston].<\/li><li>Sugest\u00e3o do OpenAI sobre a origem das l\u00ednguas humanas resultou na indica\u00e7\u00e3o de dois livros: &#8220;<em>Um deles \u00e9 a obra &#8220;The Origin of Language: Tracing the Evolution of the Mother Tongue&#8221; (&#8220;A Origem da L\u00edngua: Rastreando a Evolu\u00e7\u00e3o da L\u00edngua Materna&#8221;), escrito por <strong>Jean Aitchison<\/strong>. Outro livro que trata do tema \u00e9 &#8220;The Tower of Babel: The Evidence about the Enigma of the Origin of Language&#8221; (&#8220;A Torre de Babel: A Evid\u00eancia sobre o Enigma da Origem da L\u00edngua&#8221;), de <strong>Merritt Ruhlen<\/strong>.<\/em>&#8220;<\/li><\/ul>\n\n\n\n<p><\/p>\n\n\n\n<p><\/p>\n","protected":false},"excerpt":{"rendered":"<p>Segrillo, Angelo: &#8220;Os Russos&#8221;. Editora Contexto. Isbn 978-85-7244-726-3 &#8211; &#8220;Eles vivem em um pa\u00eds t\u00e3o vasto que faz o Brasil parecer pequeno. Protagonistas da Revolu\u00e7\u00e3o Socialista de 1917, da Guerra&#8230;<\/p>\n<div class=\"more-link-wrapper\"><a class=\"more-link\" href=\"https:\/\/treinamentolivre.com\/aluno04\/?page_id=47\">Continuar a ler&#8230;<span class=\"screen-reader-text\">Leituras<\/span><\/a><\/div>\n","protected":false},"author":1,"featured_media":0,"parent":0,"menu_order":0,"comment_status":"closed","ping_status":"closed","template":"","meta":{"footnotes":""},"class_list":["post-47","page","type-page","status-publish","hentry","excerpt"],"_links":{"self":[{"href":"https:\/\/treinamentolivre.com\/aluno04\/index.php?rest_route=\/wp\/v2\/pages\/47","targetHints":{"allow":["GET"]}}],"collection":[{"href":"https:\/\/treinamentolivre.com\/aluno04\/index.php?rest_route=\/wp\/v2\/pages"}],"about":[{"href":"https:\/\/treinamentolivre.com\/aluno04\/index.php?rest_route=\/wp\/v2\/types\/page"}],"author":[{"embeddable":true,"href":"https:\/\/treinamentolivre.com\/aluno04\/index.php?rest_route=\/wp\/v2\/users\/1"}],"replies":[{"embeddable":true,"href":"https:\/\/treinamentolivre.com\/aluno04\/index.php?rest_route=%2Fwp%2Fv2%2Fcomments&post=47"}],"version-history":[{"count":25,"href":"https:\/\/treinamentolivre.com\/aluno04\/index.php?rest_route=\/wp\/v2\/pages\/47\/revisions"}],"predecessor-version":[{"id":1014,"href":"https:\/\/treinamentolivre.com\/aluno04\/index.php?rest_route=\/wp\/v2\/pages\/47\/revisions\/1014"}],"wp:attachment":[{"href":"https:\/\/treinamentolivre.com\/aluno04\/index.php?rest_route=%2Fwp%2Fv2%2Fmedia&parent=47"}],"curies":[{"name":"wp","href":"https:\/\/api.w.org\/{rel}","templated":true}]}}